{"id":22765,"date":"2021-09-13T17:50:30","date_gmt":"2021-09-13T15:50:30","guid":{"rendered":"https:\/\/www.alleantia.com\/?page_id=22765"},"modified":"2022-06-08T16:19:44","modified_gmt":"2022-06-08T14:19:44","slug":"informativa-marketing-diretto-e-newsletter","status":"publish","type":"page","link":"https:\/\/www.alleantia.com\/it\/informativa-marketing-diretto-e-newsletter\/","title":{"rendered":"Informativa marketing diretto e newsletter"},"content":{"rendered":"<div class=\"wpb-content-wrapper\"><p>[vc_column][\/vc_column][vc_row css_animation=&#8221;&#8221; row_type=&#8221;row&#8221; use_row_as_full_screen_section=&#8221;no&#8221; type=&#8221;full_width&#8221; angled_section=&#8221;no&#8221; text_align=&#8221;left&#8221; background_image_as_pattern=&#8221;without_pattern&#8221;][vc_column][vc_column_text]<\/p>\n<h1 style=\"text-align: left; font-size: 1rem;\"><span style=\"color: #135e8b;\">Informativa relativa al trattamento dei dati personali degli utenti<\/span><\/h1>\n<p>&nbsp;<\/p>\n<h5><em>(ex artt. 13 e 14, Reg. UE 2016\/679) \u2013 \u201cMarketing diretto e Newsletter\u201d<\/em><\/h5>\n<p><strong>TITOLARE DEL TRATTAMENTO:<\/strong><\/p>\n<p>Alleantia S.r.l., C.F e P.IVA 02011550502, con sede legale in Via Tosco Romagnola 136, 56025 &#8211; Pontedera (PI), (di seguito \u201cAlleantia\u201d o il \u201dTitolare\u201d).<br \/>\n<a style=\"color: #0085ca;\" href=\"mailto:info@alleantia.com\">info@alleantia.com<\/a><\/p>\n<p>REFERENTE PRIVACY:<br \/>\n<a style=\"color: #0085ca;\" href=\"mailto:privacy_alle@alleantia.com\">privacy_alle@alleantia.com<\/a><\/p>\n<p>[\/vc_column_text][\/vc_column][\/vc_row][vc_row css_animation=&#8221;&#8221; row_type=&#8221;row&#8221; use_row_as_full_screen_section=&#8221;no&#8221; type=&#8221;full_width&#8221; angled_section=&#8221;no&#8221; text_align=&#8221;left&#8221; background_image_as_pattern=&#8221;without_pattern&#8221; css=&#8221;.vc_custom_1631610847535{padding-top: 64px !important;}&#8221; z_index=&#8221;&#8221;][vc_column][vc_column_text]<\/p>\n<div class=\"table-title\">\n<h3><\/h3>\n<\/div>\n<table class=\"table-fill\">\n<thead>\n<tr>\n<th class=\"text-left\">Finalit\u00e0 del trattamento<\/th>\n<th class=\"text-left\">Base giurudica del trattamento<\/th>\n<th class=\"text-left\">Periodo di conservazione dei dati<\/th>\n<\/tr>\n<\/thead>\n<tbody class=\"table-hover\">\n<tr>\n<td class=\"text-left\">Comunicazioni di carattere di carattere informativo, promozionale e\/o di marketing diretto con qualsiasi mezzo di comunicazione (tradizionale o automatizzato cio\u00e8 senza intervento di operatore) (\u201cMarketing diretto e Newsletter\u201d) del Titolare a coloro che ne fanno esplicita richiesta, inserendo il proprio indirizzo e-mail nell\u2019apposito modulo di raccolta dati. L\u2019iscrizione permetter\u00e0 al Titolare di gestire le informazioni e rispondere alle Sue eventuali richieste, anche di cancellazione.<\/td>\n<td class=\"text-left\">Consenso espresso dell\u2019interessato (art. 6, par. 1, lett. a), Reg. UE 2016\/679)<\/td>\n<td class=\"text-left\">Fino a quando l\u2019interessato non chieda di revocare il consenso all\u2019invio di comunicazioni di marketing diretto e la propria iscrizione dal servizio di newsletter tramite apposito pulsante di unsubscribe (\u201cClicca qui\u201d) con le modalit\u00e0 riportate in calce alla comunicazione o tramite richiesta al Titolare ai recapiti indicati.<\/td>\n<\/tr>\n<tr>\n<td class=\"text-left\">Comunicazioni di carattere commerciali finalizzate alla promozione e\/o alla vendita diretta di prodotti o servizi analoghi a quelli gi\u00e0 acquistati o fruiti dall\u2019interessato, utilizzando le coordinate di posta elettronica indicate in tali occasioni (c.d. \u201csoft spam\u201d), senza consenso \u2013 salvo espresso dissenso \u2013 per le sole ipotesi di soft spam, fermo restando il diritto dell\u2019interessato di opporsi in qualsiasi momento con le modalit\u00e0 riportate in calce alla comunicazione o ai recapiti indicati.<\/td>\n<td class=\"text-left\">Legittimo interesse del Titolare ai sensi dell\u2019art. 130, comma 4, del D.lgs. 196\/2003 e s.m.i.<\/td>\n<td class=\"text-left\">Fino a quando l\u2019interessato non chieda di revocare il consenso all\u2019invio di comunicazioni di marketing diretto e la propria iscrizione dal servizio di newsletter tramite apposito pulsante di unsubscribe (\u201cClicca qui\u201d) con le modalit\u00e0 riportate in calce alla comunicazione o tramite richiesta al Titolare ai recapiti indicati.<\/td>\n<\/tr>\n<\/tbody>\n<\/table>\n<p>[\/vc_column_text][\/vc_column][\/vc_row][vc_row css_animation=&#8221;&#8221; row_type=&#8221;row&#8221; use_row_as_full_screen_section=&#8221;no&#8221; type=&#8221;full_width&#8221; angled_section=&#8221;no&#8221; text_align=&#8221;left&#8221; background_image_as_pattern=&#8221;without_pattern&#8221; css=&#8221;.vc_custom_1631607139973{padding-top: 64px !important;padding-bottom: 32px !important;}&#8221; z_index=&#8221;&#8221;][vc_column][vc_column_text]Decorsi i termini di conservazione sopra indicati, i dati saranno distrutti, cancellati o resi anonimi, compatibilmente con le procedure tecniche di cancellazione e backup. Inoltre, i dati personali potranno, altres\u00ec, essere trattati per un termine superiore, ove intervenga un atto interruttivo e\/o sospensivo della prescrizione che giustifichi il prolungamento della conservazione del dato.[\/vc_column_text][\/vc_column][\/vc_row][vc_row css_animation=&#8221;&#8221; row_type=&#8221;row&#8221; use_row_as_full_screen_section=&#8221;no&#8221; type=&#8221;full_width&#8221; angled_section=&#8221;no&#8221; text_align=&#8221;left&#8221; background_image_as_pattern=&#8221;without_pattern&#8221; css=&#8221;.vc_custom_1631607139973{padding-top: 64px !important;padding-bottom: 32px !important;}&#8221; z_index=&#8221;&#8221;][vc_column][vc_separator type=&#8221;normal&#8221;][\/vc_column][\/vc_row][vc_row css_animation=&#8221;&#8221; row_type=&#8221;row&#8221; use_row_as_full_screen_section=&#8221;no&#8221; type=&#8221;full_width&#8221; angled_section=&#8221;no&#8221; text_align=&#8221;left&#8221; background_image_as_pattern=&#8221;without_pattern&#8221; css=&#8221;.vc_custom_1631608394211{padding-top: 16px !important;padding-bottom: 16px !important;}&#8221; z_index=&#8221;&#8221;][vc_column width=&#8221;1\/2&#8243;][vc_column_text]<strong>CONFERIMENTO DEI DATI<\/strong>[\/vc_column_text][\/vc_column][vc_column width=&#8221;1\/2&#8243;][vc_column_text]Ai sensi dell\u2019art. 13, co. 2, lett. e) del GDPR, La informiamo che il conferimento dell\u2019indirizzo e-mail per la suddetta finalit\u00e0 \u00e8 obbligatorio, pertanto l&#8217;eventuale rifiuto di fornirlo comporta l\u2019impossibilit\u00e0 di inviarLe la Newsletter.[\/vc_column_text][\/vc_column][\/vc_row][vc_row css_animation=&#8221;&#8221; row_type=&#8221;row&#8221; use_row_as_full_screen_section=&#8221;no&#8221; type=&#8221;full_width&#8221; angled_section=&#8221;no&#8221; text_align=&#8221;left&#8221; background_image_as_pattern=&#8221;without_pattern&#8221; css=&#8221;.vc_custom_1631607139973{padding-top: 64px !important;padding-bottom: 32px !important;}&#8221; z_index=&#8221;&#8221;][vc_column][vc_separator type=&#8221;normal&#8221;][\/vc_column][\/vc_row][vc_row css_animation=&#8221;&#8221; row_type=&#8221;row&#8221; use_row_as_full_screen_section=&#8221;no&#8221; type=&#8221;full_width&#8221; angled_section=&#8221;no&#8221; text_align=&#8221;left&#8221; background_image_as_pattern=&#8221;without_pattern&#8221; css=&#8221;.vc_custom_1631608404874{padding-top: 16px !important;padding-bottom: 16px !important;}&#8221; z_index=&#8221;&#8221;][vc_column width=&#8221;1\/2&#8243;][vc_column_text]<strong>CANCELLAZIONE DAL SERVIZIO<\/strong>[\/vc_column_text][\/vc_column][vc_column width=&#8221;1\/2&#8243;][vc_column_text]Per non ricevere pi\u00f9 la newsletter pu\u00f2 contattare in qualsiasi momento il Titolare a privacy_alle@alleantia.com o, direttamente al ricevimento della newsletter stessa pu\u00f2 disiscriversi dal servizio.[\/vc_column_text][\/vc_column][\/vc_row][vc_row css_animation=&#8221;&#8221; row_type=&#8221;row&#8221; use_row_as_full_screen_section=&#8221;no&#8221; type=&#8221;full_width&#8221; angled_section=&#8221;no&#8221; text_align=&#8221;left&#8221; background_image_as_pattern=&#8221;without_pattern&#8221; css=&#8221;.vc_custom_1631607139973{padding-top: 64px !important;padding-bottom: 32px !important;}&#8221; z_index=&#8221;&#8221;][vc_column][vc_separator type=&#8221;normal&#8221;][\/vc_column][\/vc_row][vc_row css_animation=&#8221;&#8221; row_type=&#8221;row&#8221; use_row_as_full_screen_section=&#8221;no&#8221; type=&#8221;full_width&#8221; angled_section=&#8221;no&#8221; text_align=&#8221;left&#8221; background_image_as_pattern=&#8221;without_pattern&#8221; css=&#8221;.vc_custom_1631608422218{padding-top: 16px !important;padding-bottom: 16px !important;}&#8221; z_index=&#8221;&#8221;][vc_column width=&#8221;1\/2&#8243;][vc_column_text]<strong>OPPOSIZIONE AL MARKETING GENERICO DEL TITOLARE<\/strong>[\/vc_column_text][\/vc_column][vc_column width=&#8221;1\/2&#8243;][vc_column_text]Pu\u00f2, in ogni momento, decidere di non ricevere pi\u00f9 le comunicazioni relative alle attivit\u00e0 di marketing generico del Titolare cliccando sul pulsante di unsubscribe (\u201cClicca qui\u201d) in calce a ogni e-mail ricevuta. In alternativa pu\u00f2 contattare in qualsiasi momento il Titolare scrivendo a privacy_alle@alleantia.com [\/vc_column_text][\/vc_column][\/vc_row][vc_row css_animation=&#8221;&#8221; row_type=&#8221;row&#8221; use_row_as_full_screen_section=&#8221;no&#8221; type=&#8221;full_width&#8221; angled_section=&#8221;no&#8221; text_align=&#8221;left&#8221; background_image_as_pattern=&#8221;without_pattern&#8221; css=&#8221;.vc_custom_1631607139973{padding-top: 64px !important;padding-bottom: 32px !important;}&#8221; z_index=&#8221;&#8221;][vc_column][vc_separator type=&#8221;normal&#8221;][\/vc_column][\/vc_row][vc_row css_animation=&#8221;&#8221; row_type=&#8221;row&#8221; use_row_as_full_screen_section=&#8221;no&#8221; type=&#8221;full_width&#8221; angled_section=&#8221;no&#8221; text_align=&#8221;left&#8221; background_image_as_pattern=&#8221;without_pattern&#8221; css=&#8221;.vc_custom_1631608436545{padding-top: 16px !important;padding-bottom: 16px !important;}&#8221; z_index=&#8221;&#8221;][vc_column width=&#8221;1\/2&#8243;][vc_column_text]<strong>DESTINATARI DEI DATI &#8211; SOGGETTI AUTORIZZATI AL TRATTAMENTO<\/strong>[\/vc_column_text][\/vc_column][vc_column width=&#8221;1\/2&#8243;][vc_column_text]In taluni casi l&#8217;esecuzione del complesso delle attivit\u00e0 connesse e\/o strumentali alla gestione delle richieste comporta da parte del Titolare la comunicazione di dati personali degli Interessati:<br \/>\n&#8211; a dipendenti e\/o collaboratori del Titolare in qualit\u00e0 di persone autorizzate al trattamento dei dati e\/o amministratori di sistema;<br \/>\n&#8211; ai soggetti le cui facolt\u00e0 di accedervi siano riconosciute da disposizioni di legge;<br \/>\n\u2013 a societ\u00e0 o soggetti terzi che svolgono per il Titolare attivit\u00e0 strettamente connesse o strumentali all&#8217;operativit\u00e0 del sito, quali ad esempio la societ\u00e0 che si occupa della gestione dei dati personali degli utenti e della gestione dei sistemi informatici sui quali sono memorizzati, societ\u00e0 che offrono servizi di invio e-mail.<br \/>\nI dati personali forniti dagli utenti che inoltrano richieste sono utilizzati al solo fine di eseguire il servizio o la prestazione richiesta e sono comunicati a terzi solo nel caso ci\u00f2 sia a tal fine necessario.<br \/>\nAl di fuori di questi casi i dati personali non saranno comunicati, salvo previsioni contrattuali o di legge ovvero salvo specifico consenso richiesto all&#8217;interessato.<br \/>\nIn questo senso i dati personali potrebbero essere trasmessi a terze parti ma solo ed esclusivamente nel caso in cui a) vi sia consenso esplicito dell&#8217;interessato a condividere i dati con terze parti; b) vi sia la necessit\u00e0 di condividere con terzi le informazioni al fine di prestare il servizio richiesto c) ci\u00f2 sia necessario per adempiere a richieste della autorit\u00e0 giudiziaria o pubblica sicurezza.<br \/>\nI soggetti appartenenti alle categorie alle quali i dati possono essere comunicati effettueranno il trattamento dei dati medesimi e li utilizzeranno a seconda dei casi in qualit\u00e0 di Responsabili del Trattamento espressamente nominati da parte del Titolare ai sensi di legge o, piuttosto, in qualit\u00e0 di autonomi titolari.<br \/>\nIl Titolare designa persone autorizzate al trattamento tutti gli addetti anche pro tempore, e i collaboratori anche occasionali, che svolgono mansioni che comportano il trattamento di dati personali.<br \/>\nL\u2019elenco aggiornato dei responsabili del trattamento \u00e8 custodito presso la sede legale del Titolare.<br \/>\n[\/vc_column_text][\/vc_column][\/vc_row][vc_row css_animation=&#8221;&#8221; row_type=&#8221;row&#8221; use_row_as_full_screen_section=&#8221;no&#8221; type=&#8221;full_width&#8221; angled_section=&#8221;no&#8221; text_align=&#8221;left&#8221; background_image_as_pattern=&#8221;without_pattern&#8221; css=&#8221;.vc_custom_1631607139973{padding-top: 64px !important;padding-bottom: 32px !important;}&#8221; z_index=&#8221;&#8221;][vc_column][vc_separator type=&#8221;normal&#8221;][\/vc_column][\/vc_row][vc_row css_animation=&#8221;&#8221; row_type=&#8221;row&#8221; use_row_as_full_screen_section=&#8221;no&#8221; type=&#8221;full_width&#8221; angled_section=&#8221;no&#8221; text_align=&#8221;left&#8221; background_image_as_pattern=&#8221;without_pattern&#8221; css=&#8221;.vc_custom_1631608446321{padding-top: 16px !important;padding-bottom: 16px !important;}&#8221; z_index=&#8221;&#8221;][vc_column width=&#8221;1\/2&#8243;][vc_column_text]<strong>TRASFERIMENTO DI DATI PERSONALI EXTRA-UE<\/strong>[\/vc_column_text][\/vc_column][vc_column width=&#8221;1\/2&#8243;][vc_column_text]I dati personali sono trattati da Alleantia all\u2019interno del territorio dell\u2019Unione Europea e non vengono diffusi. Se necessario per ragioni di natura tecnica od organizzativa, Alleantia si riserva di trasferire i dati verso Paesi al di fuori dell\u2019Unione Europea. A tal riguardo, il Titolare assicura sin d\u2019ora che il trasferimento dei dati extra-UE sar\u00e0 regolato in conformit\u00e0 a quanto previsto dal capo V del Regolamento e autorizzato in base a specifiche decisioni dell\u2019Unione Europea. Saranno quindi adottate tutte le cautele necessarie al fine di garantire la pi\u00f9 totale protezione dei dati personali basando tale trasferimento: a) su decisioni di adeguatezza dei paesi terzi destinatari espressi dalla Commissione Europea; b) su garanzie adeguate espresse dal soggetto terzo destinatario ai sensi dell\u2019art. 46 del Regolamento; c) sull\u2019adozione di norme vincolanti d\u2019impresa di cui all\u2019art. 47 del GDPR o, in assenza, in forza di una delle misure derogatorie di cui all\u2019art. 49 del GDPR. In ogni caso ai soggetti destinatari dei dati saranno imposti obblighi di protezione e sicurezza equivalenti a quelli garantiti dell\u2019ordinamento comunitario e nazionale.[\/vc_column_text][\/vc_column][\/vc_row][vc_row css_animation=&#8221;&#8221; row_type=&#8221;row&#8221; use_row_as_full_screen_section=&#8221;no&#8221; type=&#8221;full_width&#8221; angled_section=&#8221;no&#8221; text_align=&#8221;left&#8221; background_image_as_pattern=&#8221;without_pattern&#8221; css=&#8221;.vc_custom_1631607139973{padding-top: 64px !important;padding-bottom: 32px !important;}&#8221; z_index=&#8221;&#8221;][vc_column][vc_separator type=&#8221;normal&#8221;][\/vc_column][\/vc_row][vc_row css_animation=&#8221;&#8221; row_type=&#8221;row&#8221; use_row_as_full_screen_section=&#8221;no&#8221; type=&#8221;full_width&#8221; angled_section=&#8221;no&#8221; text_align=&#8221;left&#8221; background_image_as_pattern=&#8221;without_pattern&#8221; css=&#8221;.vc_custom_1631608456265{padding-top: 16px !important;padding-bottom: 16px !important;}&#8221; z_index=&#8221;&#8221;][vc_column width=&#8221;1\/2&#8243;][vc_column_text]<strong>DIRITTI DELL&#8217;INTERESSATO &#8211; RECLAMO ALL\u2019AUTORIT\u00c0 DI CONTROLLO<\/strong>[\/vc_column_text][\/vc_column][vc_column width=&#8221;1\/2&#8243;][vc_column_text]L&#8217;interessato potr\u00e0 in qualsiasi momento esercitare i diritti a lui attribuiti inviando una raccomandata a.r. a Alleantia S.r.l., presso la sua sede legale in Via Tosco Romagnola 136, 56025 &#8211; Pontedera (PI).<br \/>\nIn alternativa, l\u2019interessato pu\u00f2 rivolgersi al Referente Privacy di Alleantia all\u2019indirizzo di posta elettronica: privacy_alle@alleantia.com<br \/>\nL&#8217;interessato ha diritto di chiedere al Titolare del trattamento la cancellazione, la rettifica dei dati inesatti, l\u2019integrazione dei dati incompleti, la limitazione del trattamento nei casi previsti dall\u2019art. 18 GDPR.<br \/>\nL\u2019interessato, inoltre, nel caso in cui il trattamento sia basato sul consenso o sul contratto e sia effettuato con strumenti automatizzati potr\u00e0 richiedere la portabilit\u00e0 dei suoi dati e di riceverli in un formato strutturato, di uso comune e leggibile da dispositivo automatico, nonch\u00e9, se tecnicamente fattibile, di trasmetterli ad altro titolare senza impedimenti.<br \/>\nL\u2019interessato ha il diritto di revocare il consenso prestato in qualsiasi momento per finalit\u00e0 di marketing e\/o di profilazione, nonch\u00e9 di proporre l\u2019opposizione al trattamento, per motivi connessi alla propria situazione particolare, dei dati nelle ipotesi di esercizio di un pubblico interesse o di legittimo interesse del Titolare nonch\u00e9 per finalit\u00e0 di marketing, compresa la profilazione connessa al marketing diretto.<br \/>\nResta ferma la possibilit\u00e0 per l\u2019interessato, se preferisce essere contattato per la suddetta finalit\u00e0 esclusivamente tramite modalit\u00e0 tradizionali, di manifestare la sua opposizione solo alla ricezione di comunicazioni attraverso modalit\u00e0 automatizzate.<br \/>\nIn tale ipotesi, il Titolare si asterr\u00e0 dal trattamento, salvo che per motivi legittimi prevalenti, oppure per accertamento, esercizio o difesa di un diritto in sede giudiziaria.<br \/>\nL\u2019interessato ha inoltre il diritto di proporre reclamo all&#8217;Autorit\u00e0 di controllo (Garante Privacy) competente nello Stato membro in cui risiede abitualmente o lavora o dello Stato in cui si \u00e8 verificata la presunta violazione.<br \/>\n[\/vc_column_text][\/vc_column][\/vc_row][vc_row css_animation=&#8221;&#8221; row_type=&#8221;row&#8221; use_row_as_full_screen_section=&#8221;no&#8221; type=&#8221;full_width&#8221; angled_section=&#8221;no&#8221; text_align=&#8221;left&#8221; background_image_as_pattern=&#8221;without_pattern&#8221; css=&#8221;.vc_custom_1631607139973{padding-top: 64px !important;padding-bottom: 32px !important;}&#8221; z_index=&#8221;&#8221;][vc_column][vc_separator type=&#8221;normal&#8221;][\/vc_column][\/vc_row][vc_row css_animation=&#8221;&#8221; row_type=&#8221;row&#8221; use_row_as_full_screen_section=&#8221;no&#8221; type=&#8221;full_width&#8221; angled_section=&#8221;no&#8221; text_align=&#8221;left&#8221; background_image_as_pattern=&#8221;without_pattern&#8221; css=&#8221;.vc_custom_1631608465682{padding-top: 16px !important;padding-bottom: 16px !important;}&#8221; z_index=&#8221;&#8221;][vc_column width=&#8221;1\/2&#8243;][vc_column_text]<strong>MODIFICHE<\/strong>[\/vc_column_text][\/vc_column][vc_column width=&#8221;1\/2&#8243;][vc_column_text]Il Titolare del trattamento si riserva il diritto di apportare modifiche alla presente informativa in qualunque momento dandone informazione agli interessati nel sito. Chiediamo, dunque, di consultare periodicamente la presente \u201cSezione\u201d, prendendo come riferimento la data di ultima modifica indicata. Nel caso di mancata accettazione delle modifiche apportate alla presente informativa, l\u2019interessato \u00e8 tenuto a comunicarlo al Titolare del trattamento e pu\u00f2 richiedere di rimuovere i propri dati personali. Salvo quanto diversamente specificato, la precedente informativa continuer\u00e0 ad applicarsi ai dati personali sino a quel momento raccolti.[\/vc_column_text][\/vc_column][\/vc_row][vc_row css_animation=&#8221;&#8221; row_type=&#8221;row&#8221; use_row_as_full_screen_section=&#8221;no&#8221; type=&#8221;full_width&#8221; angled_section=&#8221;no&#8221; text_align=&#8221;left&#8221; background_image_as_pattern=&#8221;without_pattern&#8221; css=&#8221;.vc_custom_1631607139973{padding-top: 64px !important;padding-bottom: 32px !important;}&#8221; z_index=&#8221;&#8221;][vc_column][vc_separator type=&#8221;normal&#8221;][\/vc_column][\/vc_row][vc_row css_animation=&#8221;&#8221; row_type=&#8221;row&#8221; use_row_as_full_screen_section=&#8221;no&#8221; type=&#8221;full_width&#8221; angled_section=&#8221;no&#8221; text_align=&#8221;left&#8221; background_image_as_pattern=&#8221;without_pattern&#8221;][vc_column][vc_column_text]DATA ULTIMA MODIFICA:<br \/>\n30 agosto 2021[\/vc_column_text][\/vc_column][\/vc_row][vc_row css_animation=&#8221;&#8221; row_type=&#8221;row&#8221; use_row_as_full_screen_section=&#8221;no&#8221; type=&#8221;full_width&#8221; angled_section=&#8221;no&#8221; text_align=&#8221;left&#8221; background_image_as_pattern=&#8221;without_pattern&#8221;][vc_column][vc_column_text]<!-- [if lte IE 8]>\n<script charset=\"utf-8\" type=\"text\/javascript\" src=\"\/\/js.hsforms.net\/forms\/v2-legacy.js\"><\/script>\n<![endif]--><br \/>\n<script charset=\"utf-8\" type=\"text\/javascript\" src=\"\/\/js.hsforms.net\/forms\/v2.js\"><\/script><br \/>\n<script>\n  hbspt.forms.create({\n\tregion: \"na1\",\n\tportalId: \"6293978\",\n\tformId: \"39740daf-aa29-449a-b54f-72d70cbc2999\"\n});\n<\/script>[\/vc_column_text][\/vc_column][\/vc_row][vc_row css_animation=&#8221;&#8221; row_type=&#8221;row&#8221; use_row_as_full_screen_section=&#8221;no&#8221; type=&#8221;full_width&#8221; angled_section=&#8221;no&#8221; text_align=&#8221;left&#8221; background_image_as_pattern=&#8221;without_pattern&#8221;][vc_column][vc_empty_space height=&#8221;64px&#8221;][\/vc_column][\/vc_row]<\/p>\n<\/div>","protected":false},"excerpt":{"rendered":"<p>[vc_column][\/vc_column][vc_row css_animation=&#8221;&#8221; row_type=&#8221;row&#8221; use_row_as_full_screen_section=&#8221;no&#8221; type=&#8221;full_width&#8221; angled_section=&#8221;no&#8221; text_align=&#8221;left&#8221; background_image_as_pattern=&#8221;without_pattern&#8221;][vc_column][vc_column_text] Informativa relativa al trattamento dei dati personali degli utenti &nbsp; (ex artt. 13 e 14, Reg. UE 2016\/679) \u2013 \u201cMarketing diretto e Newsletter\u201d TITOLARE DEL TRATTAMENTO: Alleantia S.r.l., C.F e P.IVA 02011550502, con sede legale in Via&#8230;<\/p>\n","protected":false},"author":10,"featured_media":0,"parent":0,"menu_order":0,"comment_status":"closed","ping_status":"closed","template":"","meta":{"content-type":"","footnotes":""},"class_list":["post-22765","page","type-page","status-publish","hentry"],"_links":{"self":[{"href":"https:\/\/www.alleantia.com\/it\/wp-json\/wp\/v2\/pages\/22765","targetHints":{"allow":["GET"]}}],"collection":[{"href":"https:\/\/www.alleantia.com\/it\/wp-json\/wp\/v2\/pages"}],"about":[{"href":"https:\/\/www.alleantia.com\/it\/wp-json\/wp\/v2\/types\/page"}],"author":[{"embeddable":true,"href":"https:\/\/www.alleantia.com\/it\/wp-json\/wp\/v2\/users\/10"}],"replies":[{"embeddable":true,"href":"https:\/\/www.alleantia.com\/it\/wp-json\/wp\/v2\/comments?post=22765"}],"version-history":[{"count":0,"href":"https:\/\/www.alleantia.com\/it\/wp-json\/wp\/v2\/pages\/22765\/revisions"}],"wp:attachment":[{"href":"https:\/\/www.alleantia.com\/it\/wp-json\/wp\/v2\/media?parent=22765"}],"curies":[{"name":"wp","href":"https:\/\/api.w.org\/{rel}","templated":true}]}}